{"id":178,"date":"2016-12-19T13:09:40","date_gmt":"2016-12-19T13:09:40","guid":{"rendered":"http:\/\/superfood.elated-themes.com\/?post_type=product&#038;p=178"},"modified":"2026-03-29T19:18:05","modified_gmt":"2026-03-29T19:18:05","slug":"saffraan-kopen","status":"publish","type":"product","link":"https:\/\/www.niida-saffraan.be\/fr\/produit-2\/saffraan-kopen\/","title":{"rendered":"Safran NIIDA"},"content":{"rendered":"<div class=\"vc_row wpb_row vc_row-fluid\" ><div class=\"wpb_column vc_column_container vc_col-sm-12\"><div class=\"vc_column-inner\"><div class=\"wpb_wrapper\">\n\t<div class=\"wpb_text_column wpb_content_element\" >\n\t\t<div class=\"wpb_wrapper\">\n\t\t\t<p>NIIDA Saffraan, r\u00e9put\u00e9 pour son safran exclusif d'une qualit\u00e9 in\u00e9gal\u00e9e, a \u00e9t\u00e9 d\u00e9sign\u00e9 meilleur au monde par l'International Taste Institute \u00e0 Bruxelles. Le jury, compos\u00e9 de 200 chefs internationaux d'exception, a \u00e9t\u00e9 particuli\u00e8rement impressionn\u00e9.<\/p>\n<p class=\"translation-block\">L'or rouge, sa couleur vibrante et ses ar\u00f4mes chauds et musqu\u00e9s \u00e9veillent les sens. Une simple pinc\u00e9e suffit \u00e0 transformer vos plats, m\u00eame les plus simples, en une exp\u00e9rience culinaire exceptionnelle.<\/p>\n<p>Pour une infusion encore plus efficace, placez quelques filaments de safran dans un verre avec un gla\u00e7on. Une fois le gla\u00e7on fondu, vous obtiendrez une infusion concentr\u00e9e de safran, pr\u00eate \u00e0 \u00eatre utilis\u00e9e dans vos plats. Cette m\u00e9thode permet d'extraire la couleur et les saveurs du safran tout en pr\u00e9servant sa qualit\u00e9<\/p>\n\n\t\t<\/div>\n\t<\/div>\n<div class=\"vc_tta-container\" data-vc-action=\"collapse\"><div class=\"vc_general vc_tta vc_tta-accordion vc_tta-color-white vc_tta-style-modern vc_tta-shape-rounded vc_tta-spacing-5 vc_tta-controls-align-left vc_tta-o-no-fill vc_custom_1731504996034\"><div class=\"vc_tta-panels-container\"><div class=\"vc_tta-panels\"><div class=\"vc_tta-panel\" id=\"1668684277855-d6528c2c-aabe\" data-vc-content=\".vc_tta-panel-body\"><div class=\"vc_tta-panel-heading\"><h4 class=\"vc_tta-panel-title vc_tta-controls-icon-position-left\"><a href=\"#1668684277855-d6528c2c-aabe\" data-vc-accordion data-vc-container=\".vc_tta-container\"><span class=\"vc_tta-title-text\">Caract\u00e9ristiques<\/span><i class=\"vc_tta-controls-icon vc_tta-controls-icon-chevron\"><\/i><\/a><\/h4><\/div><div class=\"vc_tta-panel-body\">\n\t<div class=\"wpb_text_column wpb_content_element\" >\n\t\t<div class=\"wpb_wrapper\">\n\t\t\t<p><strong>Qualit\u00e9 <\/strong>Super Negin<\/p>\n<p><strong>Origine <\/strong>Afghanistan<\/p>\n<p><strong>Cat\u00e9gorie<\/strong> 1 , Grade A+<\/p>\n<p><strong>Test :<\/strong> Double ISO 3632 ( Categorie 1 ) in BE<\/p>\n<p><strong>Conditionnement<\/strong> Ostende, Belgique - Sans OGM ni pesticides<\/p>\n\n\t\t<\/div>\n\t<\/div>\n<\/div><\/div><div class=\"vc_tta-panel\" id=\"1668684277874-96a7c923-4162\" data-vc-content=\".vc_tta-panel-body\"><div class=\"vc_tta-panel-heading\"><h4 class=\"vc_tta-panel-title vc_tta-controls-icon-position-left\"><a href=\"#1668684277874-96a7c923-4162\" data-vc-accordion data-vc-container=\".vc_tta-container\"><span class=\"vc_tta-title-text\">Qualit\u00e9<\/span><i class=\"vc_tta-controls-icon vc_tta-controls-icon-chevron\"><\/i><\/a><\/h4><\/div><div class=\"vc_tta-panel-body\">\n\t<div class=\"wpb_text_column wpb_content_element\" >\n\t\t<div class=\"wpb_wrapper\">\n\t\t\t<p>Notre safran jouit d'une reconnaissance prestigieuse, chaque stigmate est s\u00e9lectionn\u00e9 \u00e0 la main afin de garantir une qualit\u00e9 exceptionnelle.<\/p>\n<p>Le safran Niida est un safran de cat\u00e9gorie 1, classe A+, la classification donn\u00e9e exclusivement au safran de luxe. Notre safran est doublement test\u00e9 en Belgique et en France, conform\u00e9ment \u00e0 la norme ISO 3632. Il est test\u00e9 aux niveaux les plus \u00e9lev\u00e9s de couleur (Crocine), d'ar\u00f4me (Safranal) et de saveur (Picocrocine).<\/p>\n<p>100% safran pur et non alt\u00e9r\u00e9. Sans impuret\u00e9s, additifs, OGM ou toxines....<\/p>\n\n\t\t<\/div>\n\t<\/div>\n<\/div><\/div><div class=\"vc_tta-panel\" id=\"1668685067658-2117abd9-ee8e\" data-vc-content=\".vc_tta-panel-body\"><div class=\"vc_tta-panel-heading\"><h4 class=\"vc_tta-panel-title vc_tta-controls-icon-position-left\"><a href=\"#1668685067658-2117abd9-ee8e\" data-vc-accordion data-vc-container=\".vc_tta-container\"><span class=\"vc_tta-title-text\">Conseils d'utilisation<\/span><i class=\"vc_tta-controls-icon vc_tta-controls-icon-chevron\"><\/i><\/a><\/h4><\/div><div class=\"vc_tta-panel-body\">\n\t<div class=\"wpb_text_column wpb_content_element\" >\n\t\t<div class=\"wpb_wrapper\">\n\t\t\t<p>Le safran ajoute une saveur d\u00e9licate \u00e0 tous vos plats. N'oubliez pas que cette \u00e9pice a une saveur forte, vous n'en avez besoin que d'un peu pour parfumer vos plats. Quelques pistils procurent des sensations gustatives uniques et une couleur dor\u00e9e si caract\u00e9ristique du safran.<\/p>\n<p>Ce safran de premium peut \u00eatre conserv\u00e9 pendant de nombreuses ann\u00e9es sans perdre ses qualit\u00e9s s'il est prot\u00e9g\u00e9 de la lumi\u00e8re et de l'humidit\u00e9.<\/p>\n\n\t\t<\/div>\n\t<\/div>\n<\/div><\/div><div class=\"vc_tta-panel\" id=\"1668685927491-cf6444fc-9218\" data-vc-content=\".vc_tta-panel-body\"><div class=\"vc_tta-panel-heading\"><h4 class=\"vc_tta-panel-title vc_tta-controls-icon-position-left\"><a href=\"#1668685927491-cf6444fc-9218\" data-vc-accordion data-vc-container=\".vc_tta-container\"><span class=\"vc_tta-title-text\">Origine<\/span><i class=\"vc_tta-controls-icon vc_tta-controls-icon-chevron\"><\/i><\/a><\/h4><\/div><div class=\"vc_tta-panel-body\">\n\t<div class=\"wpb_text_column wpb_content_element\" >\n\t\t<div class=\"wpb_wrapper\">\n\t\t\t<p>Notre safran est cultiv\u00e9 de mani\u00e8re ancestrale, soigneusement r\u00e9colt\u00e9 \u00e0 la main et provient directement d'une coop\u00e9rative agricole afghane.<\/p>\n\n\t\t<\/div>\n\t<\/div>\n<\/div><\/div><\/div><\/div><\/div><\/div><\/div><\/div><\/div><\/div><div class=\"vc_row wpb_row vc_row-fluid\" ><div class=\"wpb_column vc_column_container vc_col-sm-12\"><div class=\"vc_column-inner\"><div class=\"wpb_wrapper\"><div class=\"vc_empty_space\"   style=\"height: 70px\"><span class=\"vc_empty_space_inner\"><\/span><\/div><\/div><\/div><\/div><\/div><div class=\"vc_row wpb_row vc_row-fluid\" ><div class=\"wpb_column vc_column_container vc_col-sm-12\"><div class=\"vc_column-inner\"><div class=\"wpb_wrapper\"><div class=\"vc_empty_space\"   style=\"height: 70px\"><span class=\"vc_empty_space_inner\"><\/span><\/div><div class=\"eltdf-section-title-holder eltdf-separator-disabled\" >\n\t\t\t<h2 class=\"eltdf-st-title\" >\n\t\t\t<span>Comment consommer le safran ?<\/span>\n\t\t<\/h2>\n\t\t\t\t<p class=\"eltdf-st-text\" style=\"font-weight: 200;margin-top: -20px\">D\u00e9couvrez des id\u00e9es de recettes au safran \u00e0 pr\u00e9parer sans mod\u00e9ration<\/p>\n\t<\/div><\/div><\/div><\/div><\/div><div class=\"vc_row wpb_row vc_row-fluid\" ><div class=\"wpb_column vc_column_container vc_col-sm-12\"><div class=\"vc_column-inner\"><div class=\"wpb_wrapper\"><div class=\"eltdf-blog-slider-holder\">\n    <ul class=\"eltdf-blog-slider eltdf-owl-slider\" data-number-of-items=\"2\" data-slider-margin=\"15\" data-enable-center=\"yes\" data-enable-navigation=\"no\" data-enable-pagination=\"yes\">\n        <li class=\"eltdf-blog-slider-item\">\n    <div class=\"eltdf-blog-slider-item-inner\">\n        <div class=\"eltdf-item-image clearfix\">\n            <a itemprop=\"url\" href=\"https:\/\/www.niida-saffraan.be\/fr\/de-lekkerste-rijstpap-met-niida-saffraan\/\">\n                <img decoding=\"async\" width=\"550\" height=\"550\" src=\"https:\/\/www.niida-saffraan.be\/wp-content\/uploads\/2022\/02\/NiidaSaffraan-by-AS-Deldycke-22-550x550.jpg\" class=\"attachment-sweettooth_image_square size-sweettooth_image_square wp-post-image\" alt=\"rijstpap met Niida saffraan\" srcset=\"https:\/\/www.niida-saffraan.be\/wp-content\/uploads\/2022\/02\/NiidaSaffraan-by-AS-Deldycke-22-550x550.jpg 550w, https:\/\/www.niida-saffraan.be\/wp-content\/uploads\/2022\/02\/NiidaSaffraan-by-AS-Deldycke-22-150x150.jpg 150w, https:\/\/www.niida-saffraan.be\/wp-content\/uploads\/2022\/02\/NiidaSaffraan-by-AS-Deldycke-22-1100x1100.jpg 1100w, https:\/\/www.niida-saffraan.be\/wp-content\/uploads\/2022\/02\/NiidaSaffraan-by-AS-Deldycke-22-300x300.jpg 300w, https:\/\/www.niida-saffraan.be\/wp-content\/uploads\/2022\/02\/NiidaSaffraan-by-AS-Deldycke-22-100x100.jpg 100w\" sizes=\"(max-width: 550px) 100vw, 550px\" \/>            <\/a>\n        <\/div>\n        <div class=\"eltdf-item-text-wrapper\">\n            <div class=\"eltdf-item-text-holder\">\n                <div class=\"eltdf-item-text-holder-inner\">\n                    \n                    <h2 itemprop=\"name\" class=\"eltdf-item-title entry-title\">\n                        <a itemprop=\"url\" href=\"https:\/\/www.niida-saffraan.be\/fr\/de-lekkerste-rijstpap-met-niida-saffraan\/\">\n                            Le meilleur riz au lait au Safran NIIDA                        <\/a>\n                    <\/h2>\n\n                    <div class=\"eltdf-section-button-holder\">\n                        \t<div class=\"eltdf-post-read-more-button\">\n\t<a itemprop=\"url\" href=\"https:\/\/www.niida-saffraan.be\/fr\/de-lekkerste-rijstpap-met-niida-saffraan\/\" target=\"_self\"  class=\"eltdf-btn eltdf-btn-medium eltdf-btn-simple eltdf-blog-list-button\"  >    <span class=\"eltdf-btn-text\">READ MORE<\/span>    <\/a>\t<\/div>\n                    <\/div>\n                <\/div>\n            <\/div>\n        <\/div>\n    <\/div>\n<\/li><li class=\"eltdf-blog-slider-item\">\n    <div class=\"eltdf-blog-slider-item-inner\">\n        <div class=\"eltdf-item-image clearfix\">\n            <a itemprop=\"url\" href=\"https:\/\/www.niida-saffraan.be\/fr\/niida-saffraan-thee\/\">\n                <img decoding=\"async\" width=\"550\" height=\"550\" src=\"https:\/\/www.niida-saffraan.be\/wp-content\/uploads\/2022\/02\/NiidaSaffraan-by-AS-Deldycke-23-550x550.jpg\" class=\"attachment-sweettooth_image_square size-sweettooth_image_square wp-post-image\" alt=\"Niida saffraan thee\" srcset=\"https:\/\/www.niida-saffraan.be\/wp-content\/uploads\/2022\/02\/NiidaSaffraan-by-AS-Deldycke-23-550x550.jpg 550w, https:\/\/www.niida-saffraan.be\/wp-content\/uploads\/2022\/02\/NiidaSaffraan-by-AS-Deldycke-23-150x150.jpg 150w, https:\/\/www.niida-saffraan.be\/wp-content\/uploads\/2022\/02\/NiidaSaffraan-by-AS-Deldycke-23-1100x1100.jpg 1100w, https:\/\/www.niida-saffraan.be\/wp-content\/uploads\/2022\/02\/NiidaSaffraan-by-AS-Deldycke-23-300x300.jpg 300w, https:\/\/www.niida-saffraan.be\/wp-content\/uploads\/2022\/02\/NiidaSaffraan-by-AS-Deldycke-23-100x100.jpg 100w\" sizes=\"(max-width: 550px) 100vw, 550px\" \/>            <\/a>\n        <\/div>\n        <div class=\"eltdf-item-text-wrapper\">\n            <div class=\"eltdf-item-text-holder\">\n                <div class=\"eltdf-item-text-holder-inner\">\n                    \n                    <h2 itemprop=\"name\" class=\"eltdf-item-title entry-title\">\n                        <a itemprop=\"url\" href=\"https:\/\/www.niida-saffraan.be\/fr\/niida-saffraan-thee\/\">\n                            Th\u00e9 au Safran NIIDA                        <\/a>\n                    <\/h2>\n\n                    <div class=\"eltdf-section-button-holder\">\n                        \t<div class=\"eltdf-post-read-more-button\">\n\t<a itemprop=\"url\" href=\"https:\/\/www.niida-saffraan.be\/fr\/niida-saffraan-thee\/\" target=\"_self\"  class=\"eltdf-btn eltdf-btn-medium eltdf-btn-simple eltdf-blog-list-button\"  >    <span class=\"eltdf-btn-text\">READ MORE<\/span>    <\/a>\t<\/div>\n                    <\/div>\n                <\/div>\n            <\/div>\n        <\/div>\n    <\/div>\n<\/li><li class=\"eltdf-blog-slider-item\">\n    <div class=\"eltdf-blog-slider-item-inner\">\n        <div class=\"eltdf-item-image clearfix\">\n            <a itemprop=\"url\" href=\"https:\/\/www.niida-saffraan.be\/fr\/saffraanrisotto\/\">\n                <img decoding=\"async\" width=\"550\" height=\"550\" src=\"https:\/\/www.niida-saffraan.be\/wp-content\/uploads\/2022\/02\/saffraanrisotto-550x550.jpeg\" class=\"attachment-sweettooth_image_square size-sweettooth_image_square wp-post-image\" alt=\"saffraanrisotto\" srcset=\"https:\/\/www.niida-saffraan.be\/wp-content\/uploads\/2022\/02\/saffraanrisotto-550x550.jpeg 550w, https:\/\/www.niida-saffraan.be\/wp-content\/uploads\/2022\/02\/saffraanrisotto-150x150.jpeg 150w, https:\/\/www.niida-saffraan.be\/wp-content\/uploads\/2022\/02\/saffraanrisotto-300x300.jpeg 300w, https:\/\/www.niida-saffraan.be\/wp-content\/uploads\/2022\/02\/saffraanrisotto-100x100.jpeg 100w\" sizes=\"(max-width: 550px) 100vw, 550px\" \/>            <\/a>\n        <\/div>\n        <div class=\"eltdf-item-text-wrapper\">\n            <div class=\"eltdf-item-text-holder\">\n                <div class=\"eltdf-item-text-holder-inner\">\n                    \n                    <h2 itemprop=\"name\" class=\"eltdf-item-title entry-title\">\n                        <a itemprop=\"url\" href=\"https:\/\/www.niida-saffraan.be\/fr\/saffraanrisotto\/\">\n                            Risotto au safran                        <\/a>\n                    <\/h2>\n\n                    <div class=\"eltdf-section-button-holder\">\n                        \t<div class=\"eltdf-post-read-more-button\">\n\t<a itemprop=\"url\" href=\"https:\/\/www.niida-saffraan.be\/fr\/saffraanrisotto\/\" target=\"_self\"  class=\"eltdf-btn eltdf-btn-medium eltdf-btn-simple eltdf-blog-list-button\"  >    <span class=\"eltdf-btn-text\">READ MORE<\/span>    <\/a>\t<\/div>\n                    <\/div>\n                <\/div>\n            <\/div>\n        <\/div>\n    <\/div>\n<\/li>    <\/ul>\n<\/div>\n<\/div><\/div><\/div><\/div><div class=\"vc_row wpb_row vc_row-fluid\" ><div class=\"wpb_column vc_column_container vc_col-sm-12\"><div class=\"vc_column-inner\"><div class=\"wpb_wrapper\">\n\t<div  class=\"wpb_single_image wpb_content_element vc_align_left\">\n\t\t\n\t\t<figure class=\"wpb_wrapper vc_figure\">\n\t\t\t<div class=\"vc_single_image-wrapper   vc_box_border_grey\"><img decoding=\"async\" width=\"1920\" height=\"1080\" src=\"https:\/\/www.niida-saffraan.be\/wp-content\/uploads\/2016\/12\/Niida-Saffraan-1.jpeg\" class=\"vc_single_image-img attachment-full\" alt=\"\" srcset=\"https:\/\/www.niida-saffraan.be\/wp-content\/uploads\/2016\/12\/Niida-Saffraan-1.jpeg 1920w, https:\/\/www.niida-saffraan.be\/wp-content\/uploads\/2016\/12\/Niida-Saffraan-1-300x169.jpeg 300w, https:\/\/www.niida-saffraan.be\/wp-content\/uploads\/2016\/12\/Niida-Saffraan-1-1024x576.jpeg 1024w, https:\/\/www.niida-saffraan.be\/wp-content\/uploads\/2016\/12\/Niida-Saffraan-1-768x432.jpeg 768w, https:\/\/www.niida-saffraan.be\/wp-content\/uploads\/2016\/12\/Niida-Saffraan-1-1536x864.jpeg 1536w, https:\/\/www.niida-saffraan.be\/wp-content\/uploads\/2016\/12\/Niida-Saffraan-1-18x10.jpeg 18w, https:\/\/www.niida-saffraan.be\/wp-content\/uploads\/2016\/12\/Niida-Saffraan-1-600x338.jpeg 600w\" sizes=\"(max-width: 1920px) 100vw, 1920px\" \/><\/div>\n\t\t<\/figure>\n\t<\/div>\n<\/div><\/div><\/div><\/div>","protected":false},"excerpt":{"rendered":"<p>Safran pur de la plus haute qualit\u00e9.<\/p>\n<p>Le safran NIIDA est soigneusement s\u00e9lectionn\u00e9 et est un exemple d'excellence.<\/p>\n<p>Avec une certification convoit\u00e9e en cat\u00e9gorie 1 et une classe de qualit\u00e9 A+, ce safran garantit une puret\u00e9 in\u00e9gal\u00e9e et des normes exceptionnelles.<\/p>\n<p>&nbsp;<\/p>","protected":false},"featured_media":12490,"comment_status":"open","ping_status":"closed","template":"","meta":[],"product_brand":[],"product_cat":[77],"product_tag":[84,82,83,81],"class_list":{"0":"post-178","1":"product","2":"type-product","3":"status-publish","4":"has-post-thumbnail","6":"product_cat-spice","7":"product_tag-bienfaits-du-safran","8":"product_tag-filament-safran","9":"product_tag-safran-afghanistan","10":"product_tag-safran-authentique","12":"first","13":"instock","14":"featured","15":"taxable","16":"shipping-taxable","17":"purchasable","18":"product-type-variable"},"yoast_head":"<!-- This site is optimized with the Yoast SEO plugin v27.5 - https:\/\/yoast.com\/product\/yoast-seo-wordpress\/ -->\n<title>Exclusieve NIIDA-saffraan - NIIDA-saffraan<\/title>\n<meta name=\"description\" content=\"Koop onze exclusieve NIIDA-saffraan. De Afghaanse saffraan van NIIDA-saffraan is puur en zuiver. Koop het ook zakelijk of als geschenk.\" \/>\n<meta name=\"robots\" content=\"index, follow, max-snippet:-1, max-image-preview:large, max-video-preview:-1\" \/>\n<link rel=\"canonical\" href=\"https:\/\/www.niida-saffraan.be\/fr\/produit-2\/saffraan-kopen\/\" \/>\n<meta property=\"og:locale\" content=\"fr_FR\" \/>\n<meta property=\"og:type\" content=\"article\" \/>\n<meta property=\"og:title\" content=\"Exclusieve NIIDA-saffraan - NIIDA-saffraan\" \/>\n<meta property=\"og:description\" content=\"Koop onze exclusieve NIIDA-saffraan. De Afghaanse saffraan van NIIDA-saffraan is puur en zuiver. Koop het ook zakelijk of als geschenk.\" \/>\n<meta property=\"og:url\" content=\"https:\/\/www.niida-saffraan.be\/fr\/produit-2\/saffraan-kopen\/\" \/>\n<meta property=\"og:site_name\" content=\"NIIDA-saffraan\" \/>\n<meta property=\"article:modified_time\" content=\"2026-03-29T19:18:05+00:00\" \/>\n<meta property=\"og:image\" content=\"https:\/\/www.niida-saffraan.be\/wp-content\/uploads\/2016\/12\/NiidaSaffraan-by-AS-Deldycke-05-scaled.jpg\" \/>\n\t<meta property=\"og:image:width\" content=\"2560\" \/>\n\t<meta property=\"og:image:height\" content=\"2560\" \/>\n\t<meta property=\"og:image:type\" content=\"image\/jpeg\" \/>\n<meta name=\"twitter:card\" content=\"summary_large_image\" \/>\n<meta name=\"twitter:label1\" content=\"Dur\u00e9e de lecture est.\" \/>\n\t<meta name=\"twitter:data1\" content=\"1 minute\" \/>\n<script type=\"application\/ld+json\" class=\"yoast-schema-graph\">{\"@context\":\"https:\\\/\\\/schema.org\",\"@graph\":[{\"@type\":\"WebPage\",\"@id\":\"https:\\\/\\\/www.niida-saffraan.be\\\/product\\\/saffraan-kopen\\\/\",\"url\":\"https:\\\/\\\/www.niida-saffraan.be\\\/product\\\/saffraan-kopen\\\/\",\"name\":\"Exclusieve NIIDA-saffraan - NIIDA-saffraan\",\"isPartOf\":{\"@id\":\"https:\\\/\\\/www.niida-saffraan.be\\\/#website\"},\"primaryImageOfPage\":{\"@id\":\"https:\\\/\\\/www.niida-saffraan.be\\\/product\\\/saffraan-kopen\\\/#primaryimage\"},\"image\":{\"@id\":\"https:\\\/\\\/www.niida-saffraan.be\\\/product\\\/saffraan-kopen\\\/#primaryimage\"},\"thumbnailUrl\":\"https:\\\/\\\/www.niida-saffraan.be\\\/wp-content\\\/uploads\\\/2016\\\/12\\\/NiidaSaffraan-by-AS-Deldycke-05-scaled.jpg\",\"datePublished\":\"2016-12-19T13:09:40+00:00\",\"dateModified\":\"2026-03-29T19:18:05+00:00\",\"description\":\"Koop onze exclusieve NIIDA-saffraan. De Afghaanse saffraan van NIIDA-saffraan is puur en zuiver. Koop het ook zakelijk of als geschenk.\",\"breadcrumb\":{\"@id\":\"https:\\\/\\\/www.niida-saffraan.be\\\/product\\\/saffraan-kopen\\\/#breadcrumb\"},\"inLanguage\":\"fr-BE\",\"potentialAction\":[{\"@type\":\"ReadAction\",\"target\":[\"https:\\\/\\\/www.niida-saffraan.be\\\/product\\\/saffraan-kopen\\\/\"]}]},{\"@type\":\"ImageObject\",\"inLanguage\":\"fr-BE\",\"@id\":\"https:\\\/\\\/www.niida-saffraan.be\\\/product\\\/saffraan-kopen\\\/#primaryimage\",\"url\":\"https:\\\/\\\/www.niida-saffraan.be\\\/wp-content\\\/uploads\\\/2016\\\/12\\\/NiidaSaffraan-by-AS-Deldycke-05-scaled.jpg\",\"contentUrl\":\"https:\\\/\\\/www.niida-saffraan.be\\\/wp-content\\\/uploads\\\/2016\\\/12\\\/NiidaSaffraan-by-AS-Deldycke-05-scaled.jpg\",\"width\":2560,\"height\":2560,\"caption\":\"biologische zuivere saffraan kopen\"},{\"@type\":\"BreadcrumbList\",\"@id\":\"https:\\\/\\\/www.niida-saffraan.be\\\/product\\\/saffraan-kopen\\\/#breadcrumb\",\"itemListElement\":[{\"@type\":\"ListItem\",\"position\":1,\"name\":\"Home\",\"item\":\"https:\\\/\\\/www.niida-saffraan.be\\\/\"},{\"@type\":\"ListItem\",\"position\":2,\"name\":\"e-shop\",\"item\":\"https:\\\/\\\/www.niida-saffraan.be\\\/winkel\\\/\"},{\"@type\":\"ListItem\",\"position\":3,\"name\":\"NIIDA-saffraan\"}]},{\"@type\":\"WebSite\",\"@id\":\"https:\\\/\\\/www.niida-saffraan.be\\\/#website\",\"url\":\"https:\\\/\\\/www.niida-saffraan.be\\\/\",\"name\":\"NIIDA-saffraan\",\"description\":\"Het Juweel van Gastronomie, de Afghaanse saffraan\",\"publisher\":{\"@id\":\"https:\\\/\\\/www.niida-saffraan.be\\\/#organization\"},\"potentialAction\":[{\"@type\":\"SearchAction\",\"target\":{\"@type\":\"EntryPoint\",\"urlTemplate\":\"https:\\\/\\\/www.niida-saffraan.be\\\/?s={search_term_string}\"},\"query-input\":{\"@type\":\"PropertyValueSpecification\",\"valueRequired\":true,\"valueName\":\"search_term_string\"}}],\"inLanguage\":\"fr-BE\"},{\"@type\":\"Organization\",\"@id\":\"https:\\\/\\\/www.niida-saffraan.be\\\/#organization\",\"name\":\"NIIDA Saffraan\",\"url\":\"https:\\\/\\\/www.niida-saffraan.be\\\/\",\"logo\":{\"@type\":\"ImageObject\",\"inLanguage\":\"fr-BE\",\"@id\":\"https:\\\/\\\/www.niida-saffraan.be\\\/#\\\/schema\\\/logo\\\/image\\\/\",\"url\":\"https:\\\/\\\/www.niida-saffraan.be\\\/wp-content\\\/uploads\\\/2021\\\/12\\\/logo-site.png\",\"contentUrl\":\"https:\\\/\\\/www.niida-saffraan.be\\\/wp-content\\\/uploads\\\/2021\\\/12\\\/logo-site.png\",\"width\":250,\"height\":100,\"caption\":\"NIIDA Saffraan\"},\"image\":{\"@id\":\"https:\\\/\\\/www.niida-saffraan.be\\\/#\\\/schema\\\/logo\\\/image\\\/\"}}]}<\/script>\n<!-- \/ Yoast SEO plugin. -->","yoast_head_json":{"title":"Exclusieve NIIDA-saffraan - NIIDA-saffraan","description":"Koop onze exclusieve NIIDA-saffraan. De Afghaanse saffraan van NIIDA-saffraan is puur en zuiver. Koop het ook zakelijk of als geschenk.","robots":{"index":"index","follow":"follow","max-snippet":"max-snippet:-1","max-image-preview":"max-image-preview:large","max-video-preview":"max-video-preview:-1"},"canonical":"https:\/\/www.niida-saffraan.be\/fr\/produit-2\/saffraan-kopen\/","og_locale":"fr_FR","og_type":"article","og_title":"Exclusieve NIIDA-saffraan - NIIDA-saffraan","og_description":"Koop onze exclusieve NIIDA-saffraan. De Afghaanse saffraan van NIIDA-saffraan is puur en zuiver. Koop het ook zakelijk of als geschenk.","og_url":"https:\/\/www.niida-saffraan.be\/fr\/produit-2\/saffraan-kopen\/","og_site_name":"NIIDA-saffraan","article_modified_time":"2026-03-29T19:18:05+00:00","og_image":[{"width":2560,"height":2560,"url":"https:\/\/www.niida-saffraan.be\/wp-content\/uploads\/2016\/12\/NiidaSaffraan-by-AS-Deldycke-05-scaled.jpg","type":"image\/jpeg"}],"twitter_card":"summary_large_image","twitter_misc":{"Dur\u00e9e de lecture est.":"1 minute"},"schema":{"@context":"https:\/\/schema.org","@graph":[{"@type":"WebPage","@id":"https:\/\/www.niida-saffraan.be\/product\/saffraan-kopen\/","url":"https:\/\/www.niida-saffraan.be\/product\/saffraan-kopen\/","name":"Exclusieve NIIDA-saffraan - NIIDA-saffraan","isPartOf":{"@id":"https:\/\/www.niida-saffraan.be\/#website"},"primaryImageOfPage":{"@id":"https:\/\/www.niida-saffraan.be\/product\/saffraan-kopen\/#primaryimage"},"image":{"@id":"https:\/\/www.niida-saffraan.be\/product\/saffraan-kopen\/#primaryimage"},"thumbnailUrl":"https:\/\/www.niida-saffraan.be\/wp-content\/uploads\/2016\/12\/NiidaSaffraan-by-AS-Deldycke-05-scaled.jpg","datePublished":"2016-12-19T13:09:40+00:00","dateModified":"2026-03-29T19:18:05+00:00","description":"Koop onze exclusieve NIIDA-saffraan. De Afghaanse saffraan van NIIDA-saffraan is puur en zuiver. Koop het ook zakelijk of als geschenk.","breadcrumb":{"@id":"https:\/\/www.niida-saffraan.be\/product\/saffraan-kopen\/#breadcrumb"},"inLanguage":"fr-BE","potentialAction":[{"@type":"ReadAction","target":["https:\/\/www.niida-saffraan.be\/product\/saffraan-kopen\/"]}]},{"@type":"ImageObject","inLanguage":"fr-BE","@id":"https:\/\/www.niida-saffraan.be\/product\/saffraan-kopen\/#primaryimage","url":"https:\/\/www.niida-saffraan.be\/wp-content\/uploads\/2016\/12\/NiidaSaffraan-by-AS-Deldycke-05-scaled.jpg","contentUrl":"https:\/\/www.niida-saffraan.be\/wp-content\/uploads\/2016\/12\/NiidaSaffraan-by-AS-Deldycke-05-scaled.jpg","width":2560,"height":2560,"caption":"biologische zuivere saffraan kopen"},{"@type":"BreadcrumbList","@id":"https:\/\/www.niida-saffraan.be\/product\/saffraan-kopen\/#breadcrumb","itemListElement":[{"@type":"ListItem","position":1,"name":"Home","item":"https:\/\/www.niida-saffraan.be\/"},{"@type":"ListItem","position":2,"name":"e-shop","item":"https:\/\/www.niida-saffraan.be\/winkel\/"},{"@type":"ListItem","position":3,"name":"NIIDA-saffraan"}]},{"@type":"WebSite","@id":"https:\/\/www.niida-saffraan.be\/#website","url":"https:\/\/www.niida-saffraan.be\/","name":"Safran NIIDA","description":"Het Juweel van Gastronomie, de Afghaanse saffraan","publisher":{"@id":"https:\/\/www.niida-saffraan.be\/#organization"},"potentialAction":[{"@type":"SearchAction","target":{"@type":"EntryPoint","urlTemplate":"https:\/\/www.niida-saffraan.be\/?s={search_term_string}"},"query-input":{"@type":"PropertyValueSpecification","valueRequired":true,"valueName":"search_term_string"}}],"inLanguage":"fr-BE"},{"@type":"Organization","@id":"https:\/\/www.niida-saffraan.be\/#organization","name":"NIIDA Saffraan","url":"https:\/\/www.niida-saffraan.be\/","logo":{"@type":"ImageObject","inLanguage":"fr-BE","@id":"https:\/\/www.niida-saffraan.be\/#\/schema\/logo\/image\/","url":"https:\/\/www.niida-saffraan.be\/wp-content\/uploads\/2021\/12\/logo-site.png","contentUrl":"https:\/\/www.niida-saffraan.be\/wp-content\/uploads\/2021\/12\/logo-site.png","width":250,"height":100,"caption":"NIIDA Saffraan"},"image":{"@id":"https:\/\/www.niida-saffraan.be\/#\/schema\/logo\/image\/"}}]}},"jetpack_sharing_enabled":true,"_links":{"self":[{"href":"https:\/\/www.niida-saffraan.be\/fr\/wp-json\/wp\/v2\/product\/178","targetHints":{"allow":["GET"]}}],"collection":[{"href":"https:\/\/www.niida-saffraan.be\/fr\/wp-json\/wp\/v2\/product"}],"about":[{"href":"https:\/\/www.niida-saffraan.be\/fr\/wp-json\/wp\/v2\/types\/product"}],"replies":[{"embeddable":true,"href":"https:\/\/www.niida-saffraan.be\/fr\/wp-json\/wp\/v2\/comments?post=178"}],"wp:featuredmedia":[{"embeddable":true,"href":"https:\/\/www.niida-saffraan.be\/fr\/wp-json\/wp\/v2\/media\/12490"}],"wp:attachment":[{"href":"https:\/\/www.niida-saffraan.be\/fr\/wp-json\/wp\/v2\/media?parent=178"}],"wp:term":[{"taxonomy":"product_brand","embeddable":true,"href":"https:\/\/www.niida-saffraan.be\/fr\/wp-json\/wp\/v2\/product_brand?post=178"},{"taxonomy":"product_cat","embeddable":true,"href":"https:\/\/www.niida-saffraan.be\/fr\/wp-json\/wp\/v2\/product_cat?post=178"},{"taxonomy":"product_tag","embeddable":true,"href":"https:\/\/www.niida-saffraan.be\/fr\/wp-json\/wp\/v2\/product_tag?post=178"}],"curies":[{"name":"wp","href":"https:\/\/api.w.org\/{rel}","templated":true}]}}